{"version":"1.0","provider_name":"Alexandre Cenis","provider_url":"https:\/\/alexandrecenis.com","title":"C'est fort de caf\u00e9 - Alexandre Cenis","type":"rich","width":600,"height":338,"html":"<blockquote class=\"wp-embedded-content\" data-secret=\"SfqzgbT06J\"><a href=\"https:\/\/alexandrecenis.com\/index.php\/2021\/05\/06\/cest-fort-de-cafe-2\/\">C&rsquo;est fort de caf\u00e9<\/a><\/blockquote><iframe sandbox=\"allow-scripts\" security=\"restricted\" src=\"https:\/\/alexandrecenis.com\/index.php\/2021\/05\/06\/cest-fort-de-cafe-2\/embed\/#?secret=SfqzgbT06J\" width=\"600\" height=\"338\" title=\"\u00ab\u00a0C&rsquo;est fort de caf\u00e9\u00a0\u00bb &#8212; Alexandre Cenis\" data-secret=\"SfqzgbT06J\" frameborder=\"0\" marginwidth=\"0\" marginheight=\"0\" scrolling=\"no\" class=\"wp-embedded-content\"><\/iframe><script type=\"text\/javascript\">\n\/* <![CDATA[ *\/\n\/*! This file is auto-generated *\/\n!function(d,l){\"use strict\";l.querySelector&&d.addEventListener&&\"undefined\"!=typeof URL&&(d.wp=d.wp||{},d.wp.receiveEmbedMessage||(d.wp.receiveEmbedMessage=function(e){var t=e.data;if((t||t.secret||t.message||t.value)&&!\/[^a-zA-Z0-9]\/.test(t.secret)){for(var s,r,n,a=l.querySelectorAll('iframe[data-secret=\"'+t.secret+'\"]'),o=l.querySelectorAll('blockquote[data-secret=\"'+t.secret+'\"]'),c=new RegExp(\"^https?:$\",\"i\"),i=0;i<o.length;i++)o[i].style.display=\"none\";for(i=0;i<a.length;i++)s=a[i],e.source===s.contentWindow&&(s.removeAttribute(\"style\"),\"height\"===t.message?(1e3<(r=parseInt(t.value,10))?r=1e3:~~r<200&&(r=200),s.height=r):\"link\"===t.message&&(r=new URL(s.getAttribute(\"src\")),n=new URL(t.value),c.test(n.protocol))&&n.host===r.host&&l.activeElement===s&&(d.top.location.href=t.value))}},d.addEventListener(\"message\",d.wp.receiveEmbedMessage,!1),l.addEventListener(\"DOMContentLoaded\",function(){for(var e,t,s=l.querySelectorAll(\"iframe.wp-embedded-content\"),r=0;r<s.length;r++)(t=(e=s[r]).getAttribute(\"data-secret\"))||(t=Math.random().toString(36).substring(2,12),e.src+=\"#?secret=\"+t,e.setAttribute(\"data-secret\",t)),e.contentWindow.postMessage({message:\"ready\",secret:t},\"*\")},!1)))}(window,document);\n\/\/# sourceURL=https:\/\/alexandrecenis.com\/wp-includes\/js\/wp-embed.min.js\n\/* ]]> *\/\n<\/script>\n","thumbnail_url":"https:\/\/alexandrecenis.com\/wp-content\/uploads\/2021\/05\/nescafe-tasse-masque-2.jpeg","thumbnail_width":900,"thumbnail_height":1002,"description":"Bien le bonjour le monde digital ! Au d\u00e9but du Covid, les marques \u00e9taient sans doute un peu frileuses \u00e0 l\u2019id\u00e9e de communiquer autour la pand\u00e9mie. Mais un an plus tard, les habitudes se sont cr\u00e9\u00e9es et les publicit\u00e9s qui mettent en avant ou d\u00e9tournent les masques, les gestes barri\u00e8res voire m\u00eame parfois le terme [&hellip;]"}